{"id":8466,"date":"2024-06-18T15:27:25","date_gmt":"2024-06-18T13:27:25","guid":{"rendered":"https:\/\/www.frise.de\/wp-content\/uploads\/2024\/06\/Eissfeldt-Goldt-2000px-web.jpg"},"modified":"2024-06-18T15:28:42","modified_gmt":"2024-06-18T13:28:42","slug":"eissfeldt-goldt-2000px-web-2","status":"inherit","type":"attachment","link":"https:\/\/www.frise.de\/en\/beispiel-seite\/eissfeldt-goldt-2000px-web-2\/","title":{"rendered":"Ei\u00dffeldt-Goldt-2000px-web"},"author":4,"comment_status":"open","ping_status":"closed","template":"","meta":[],"acf":[],"aioseo_notices":[],"description":{"rendered":"<p class=\"attachment\"><a href='https:\/\/www.frise.de\/wp-content\/uploads\/2024\/06\/Eissfeldt-Goldt-2000px-web.jpg'><img width=\"300\" height=\"214\" src=\"https:\/\/www.frise.de\/wp-content\/uploads\/2024\/06\/Eissfeldt-Goldt-2000px-web-720x514.jpg\" class=\"attachment-medium size-medium\" alt=\"Ausstellungsmotiv f\u00fcr die Ausstellung Ei\u00dffeldt-Goldt im Frise K\u00fcnstlerinnenhaus. Das Motiv zeigt zwei weibliche Portr\u00e4ts, links von vorne, rechts von hinten\" decoding=\"async\" srcset=\"https:\/\/www.frise.de\/wp-content\/uploads\/2024\/06\/Eissfeldt-Goldt-2000px-web-720x514.jpg 720w, https:\/\/www.frise.de\/wp-content\/uploads\/2024\/06\/Eissfeldt-Goldt-2000px-web-1200x857.jpg 1200w, https:\/\/www.frise.de\/wp-content\/uploads\/2024\/06\/Eissfeldt-Goldt-2000px-web-768x549.jpg 768w, https:\/\/www.frise.de\/wp-content\/uploads\/2024\/06\/Eissfeldt-Goldt-2000px-web-1536x1097.jpg 1536w, https:\/\/www.frise.de\/wp-content\/uploads\/2024\/06\/Eissfeldt-Goldt-2000px-web-1600x1143.jpg 1600w, https:\/\/www.frise.de\/wp-content\/uploads\/2024\/06\/Eissfeldt-Goldt-2000px-web-1440x1029.jpg 1440w, https:\/\/www.frise.de\/wp-content\/uploads\/2024\/06\/Eissfeldt-Goldt-2000px-web-800x572.jpg 800w, https:\/\/www.frise.de\/wp-content\/uploads\/2024\/06\/Eissfeldt-Goldt-2000px-web-400x286.jpg 400w, https:\/\/www.frise.de\/wp-content\/uploads\/2024\/06\/Eissfeldt-Goldt-2000px-web.jpg 2000w\" sizes=\"(max-width: 300px) 100vw, 300px\" \/><\/a><\/p>\n"},"caption":{"rendered":""},"alt_text":"Ausstellungsmotiv f\u00fcr die Ausstellung Ei\u00dffeldt-Goldt im Frise K\u00fcnstlerinnenhaus. Das Motiv zeigt zwei weibliche Portr\u00e4ts, links von vorne, rechts von hinten","media_type":"image","mime_type":"image\/jpeg","media_details":{"width":2000,"height":1429,"file":"2024\/06\/Eissfeldt-Goldt-2000px-web.jpg","filesize":126908,"sizes":{"medium":{"file":"Eissfeldt-Goldt-2000px-web-720x514.jpg","width":720,"height":514,"filesize":58039,"mime_type":"image\/jpeg","source_url":"https:\/\/www.frise.de\/wp-content\/uploads\/2024\/06\/Eissfeldt-Goldt-2000px-web-720x514.jpg"},"large":{"file":"Eissfeldt-Goldt-2000px-web-1200x857.jpg","width":1200,"height":857,"filesize":138466,"mime_type":"image\/jpeg","source_url":"https:\/\/www.frise.de\/wp-content\/uploads\/2024\/06\/Eissfeldt-Goldt-2000px-web-1200x857.jpg"},"thumbnail":{"file":"Eissfeldt-Goldt-2000px-web-150x150.jpg","width":150,"height":150,"filesize":6720,"mime_type":"image\/jpeg","source_url":"https:\/\/www.frise.de\/wp-content\/uploads\/2024\/06\/Eissfeldt-Goldt-2000px-web-150x150.jpg"},"medium_large":{"file":"Eissfeldt-Goldt-2000px-web-768x549.jpg","width":768,"height":549,"filesize":65414,"mime_type":"image\/jpeg","source_url":"https:\/\/www.frise.de\/wp-content\/uploads\/2024\/06\/Eissfeldt-Goldt-2000px-web-768x549.jpg"},"1536x1536":{"file":"Eissfeldt-Goldt-2000px-web-1536x1097.jpg","width":1536,"height":1097,"filesize":204588,"mime_type":"image\/jpeg","source_url":"https:\/\/www.frise.de\/wp-content\/uploads\/2024\/06\/Eissfeldt-Goldt-2000px-web-1536x1097.jpg"},"masthead":{"file":"Eissfeldt-Goldt-2000px-web-1600x1143.jpg","width":1600,"height":1143,"filesize":215506,"mime_type":"image\/jpeg","source_url":"https:\/\/www.frise.de\/wp-content\/uploads\/2024\/06\/Eissfeldt-Goldt-2000px-web-1600x1143.jpg"},"medium2x":{"file":"Eissfeldt-Goldt-2000px-web-1440x1029.jpg","width":1440,"height":1029,"filesize":184434,"mime_type":"image\/jpeg","source_url":"https:\/\/www.frise.de\/wp-content\/uploads\/2024\/06\/Eissfeldt-Goldt-2000px-web-1440x1029.jpg"},"mobile":{"file":"Eissfeldt-Goldt-2000px-web-800x572.jpg","width":800,"height":572,"filesize":70009,"mime_type":"image\/jpeg","source_url":"https:\/\/www.frise.de\/wp-content\/uploads\/2024\/06\/Eissfeldt-Goldt-2000px-web-800x572.jpg"},"tiny":{"file":"Eissfeldt-Goldt-2000px-web-400x286.jpg","width":400,"height":286,"filesize":21845,"mime_type":"image\/jpeg","source_url":"https:\/\/www.frise.de\/wp-content\/uploads\/2024\/06\/Eissfeldt-Goldt-2000px-web-400x286.jpg"},"mobile-cut":{"file":"Eissfeldt-Goldt-2000px-web-800x572.jpg","width":800,"height":572,"filesize":70009,"mime_type":"image\/jpeg","source_url":"https:\/\/www.frise.de\/wp-content\/uploads\/2024\/06\/Eissfeldt-Goldt-2000px-web-800x572.jpg"},"full":{"file":"Eissfeldt-Goldt-2000px-web.jpg","width":2000,"height":1429,"mime_type":"image\/jpeg","source_url":"https:\/\/www.frise.de\/wp-content\/uploads\/2024\/06\/Eissfeldt-Goldt-2000px-web.jpg"}},"image_meta":{"aperture":"0","credit":"","camera":"","caption":"","created_timestamp":"0","copyright":"D\u00f6rte_Ei\u00dffeldt_und VGBild-Kunst","focal_length":"0","iso":"0","shutter_speed":"0","title":"","orientation":"0","keywords":[]}},"post":176,"source_url":"https:\/\/www.frise.de\/wp-content\/uploads\/2024\/06\/Eissfeldt-Goldt-2000px-web.jpg","_links":{"self":[{"href":"https:\/\/www.frise.de\/en\/wp-json\/wp\/v2\/media\/8466"}],"collection":[{"href":"https:\/\/www.frise.de\/en\/wp-json\/wp\/v2\/media"}],"about":[{"href":"https:\/\/www.frise.de\/en\/wp-json\/wp\/v2\/types\/attachment"}],"author":[{"embeddable":true,"href":"https:\/\/www.frise.de\/en\/wp-json\/wp\/v2\/users\/4"}],"replies":[{"embeddable":true,"href":"https:\/\/www.frise.de\/en\/wp-json\/wp\/v2\/comments?post=8466"}]}}